{"id":598,"date":"2009-01-25T20:39:47","date_gmt":"2009-01-25T19:39:47","guid":{"rendered":"http:\/\/www.petera.se\/blog\/?page_id=598"},"modified":"2011-04-03T20:47:24","modified_gmt":"2011-04-03T19:47:24","slug":"nolbyalpina","status":"publish","type":"page","link":"https:\/\/www.petera.se\/blog\/nolbyalpina","title":{"rendered":"Galleri: Nolby Alpina"},"content":{"rendered":"<p><strong>2011<\/strong>. Nytt \u00e5r och nya tag med slalom och vinterbilder. Jag har redan publicerat bilder fr\u00e5n\u00a0<a href=\"https:\/\/www.petera.se\/blog\/pa-sno-i-september\">Juvass<\/a> och<a href=\"https:\/\/www.petera.se\/blog\/traning-med-anja-i-kabdalis\"> K\u00e5bdalis<\/a> men inte h\u00e4r utan i separata inl\u00e4gg. N\u00e4r jag f\u00e5r tid ska jag integrera dem h\u00e4r p\u00e5 sidan s\u00e5 att slalomen p\u00e5 Nolby Alpina h\u00e4nger ihop. Jag har dock publicerat bilder p\u00e5 <a href=\"http:\/\/www.facebook.com\/pages\/Nolby-Alpina\/151574958202250\" target=\"_blank\">Nolby Alpinas Facebook-grupp<\/a> ocks\u00e5, s\u00e5 just nu \u00e4r jag lite spridd :) Det verkar som att jag k0mmer att l\u00e4gga ut ett urval p\u00e5 Facebook d\u00e4r man \u00e4r lite begr\u00e4nsad i m\u00e4ngd, och fler h\u00e4r d\u00e4r jag styr \u00f6ver lagring och plats p\u00e5 egen hand.<\/p>\n<p>Jag fick fr\u00e5gor om bilderna under den senaste t\u00e4vlingen d\u00e5 jag fotade alla \u00e5kare samtidigt som jag var portdomare. Det \u00e4r helt fritt att anv\u00e4nda de bilder som ligger h\u00e4r f\u00f6r privata \u00e4ndam\u00e5l som sk\u00e4rm-bakgrund, facebook-profil, utskrivet och inramat eller f\u00f6r att visa och ber\u00e4tta i skolan ;) Om ni vill ha hj\u00e4lp att g\u00f6ra n\u00e5got extra av n\u00e5gon bild h\u00f6r av er till mig p\u00e5 peterA1967@hotmail.com. Se ett exempel p\u00e5 Emilia i bilden nedan som jag tog fram efter hennes starka insats i D-gruppen. Den utskriven p\u00e5 A4 20&#215;30 blir j\u00e4ttebra, och i 30&#215;40 blir den riktigt imponerande ;)<\/p>\n<p><a href=\"https:\/\/www.petera.se\/blog\/wp-content\/uploads\/2009\/01\/Emilia-Nolbyr\u00e4nnan-2011-1024px.jpg\"><img decoding=\"async\" class=\"aligncenter size-full wp-image-1568\" title=\"Emilia Nolbyr\u00e4nnan 2011 1024px\" src=\"https:\/\/www.petera.se\/blog\/wp-content\/uploads\/2009\/01\/Emilia-Nolbyr\u00e4nnan-2011-1024px.jpg\" alt=\"\" width=\"600\" height=\"450\" srcset=\"https:\/\/www.petera.se\/blog\/wp-content\/uploads\/2009\/01\/Emilia-Nolbyr\u00e4nnan-2011-1024px.jpg 1024w, https:\/\/www.petera.se\/blog\/wp-content\/uploads\/2009\/01\/Emilia-Nolbyr\u00e4nnan-2011-1024px-300x224.jpg 300w\" sizes=\"(max-width: 600px) 100vw, 600px\" \/><\/a><\/p>\n<h3>Lilla V\u00e4rldscupens B-finaler i Duved 23-27 mars<\/h3>\n<p>Lilla V\u00e4rldscupens finaler f\u00f6r B-klassen (DH12-13) gick i Duved i \u00e5r. Tr\u00e4ning onsdag-torsdag och finaler fredag-l\u00f6rdag. Det var ruggigt d\u00e5liga f\u00f6rh\u00e5llanden och i princip konstant sn\u00f6storm! I samband med att vi k\u00f6rde upp p\u00e5 tosdag kv\u00e4ll st\u00e4ngdes E14 fr\u00e5n Duved mot Storlien och det m\u00e4rktes p\u00e5 v\u00e4glaget som var riktigt os\u00e4kert hela veckan! Onsdagens tr\u00e4ning skulle delas upp p\u00e5 slalom och storslalom. Ut\u00f6ver den officiella tr\u00e4ningen efter lunch k\u00f6rde Medelpad en extra tr\u00e4ning i slalom p\u00e5 f\u00f6rmiddagen. P\u00e5 grund av det kraftiga sn\u00f6andet k\u00f6rde vi bara slalom hela dagen. N\u00e4r andra lag och distrikt uppgicet begav sig hem\u00f6ver stannade Nolbys \u00e5kare kvar f\u00f6r ett sista tr\u00e4ningspass. Starkt, och ett tecken p\u00e5 vilja och gl\u00e4dje :)<\/p>\n<p>Torsdagens genom\u00e5k i SuperG blev till slalomtr\u00e4ning i djupsn\u00f6 p\u00e5 f\u00f6rmiddan och en besiktning genom SuperG-banan i full sn\u00f6storm. T\u00e4vlings\u00e5ket i SuperG p\u00e5 fredagen gjordes allts\u00e5 med endast tv\u00e5 besiktningar. Trots det gick det v\u00e4ldigt bra f\u00f6r alla v\u00e5ra \u00e5kare. Kevin kom p\u00e5 pallen som 3:a medan Wilma hade otur med sn\u00f6fall som intensifierades under hennes \u00e5k. Filippa h\u00f6ll p\u00e5 att fara ur i porten strax efter f\u00f6rsta branten d\u00e4r jag stod och fotade. Kalle blev sjuk och avstod. Medelpad lyckades \u00e4nd\u00e5 ta silver i lagt\u00e4vlingen f\u00f6r herrar :)<\/p>\n<p>Storslalomen k\u00f6rdes i blandat sn\u00f6fall utan st\u00f6rre bekymmer. Nolby fixade platserna 2 genom Kevin och 5 genom Albin och 10 genom Kalle och Nellie blev 4 i damklassen. Medelpad tog guld f\u00f6r herrar och silver f\u00f6r damer! Fantastiskt :D<\/p>\n<p>Slalomt\u00e4vlingen p\u00e5 s\u00f6ndagen var lynnig. Det sn\u00f6ade och bl\u00e5ste hela dagen men bitvis var det b\u00e5de klart och soligt. Det gav skilda f\u00f6rh\u00e5llanden f\u00f6r \u00e5karna d\u00e4r n\u00e5gra \u00e5kte i klart vindstilla v\u00e4der och n\u00e5gra \u00e5kte i full sn\u00f6storm med orkanvindar som drog med sig med i byarna. Detta trots att jag hade ovallade skidor som kletade fast i mjuksn\u00f6n ;) Kevin tog en silverpeng efter lite tur med resultaten i andra \u00e5ket. V\u00e5ra 99:or visade verkligen framf\u00f6tterna.\u00a0Jenny var 5:e b\u00e4sta tjej och Kalle och Gustav var 5:a respektive 6:a av killarna. Det b\u00e5dar gott inf\u00f6r LVC 2012 ;)<\/p>\n<p>Under dessa dagar bodde vi p\u00e5 Continental strax hitom \u00c5re. Inte v\u00e4rldens fr\u00e4schaste och piffigaste hotell direkt, men det var alldeles perfekt som hotell f\u00f6r alpina lagt\u00e4vlingar. Stor matsal, grymt bra och mycket mat, pooler och bastu, flera skidpysselrum osv. Det enda som saknades var ordentliga m\u00f6jligheter att torka kl\u00e4der och pj\u00e4xor, men det l\u00f6ste vi \u00e4nd\u00e5 lite fiffigt :)<\/p>\n<p>Kevin blev kombinationsvinnare med resultatet 3-2-2! Efter lite r\u00e4knande s\u00e5 uts\u00e5g vi sj\u00e4lva Nolby Alpina till b\u00e4sta lag i finalen med v\u00e4ldigt framtr\u00e4dande placeringar 2-2-3-4-5-10!<\/p>\nngg_shortcode_0_placeholder\n<h3>Nolbyskruven SL 13 mars 2011<\/h3>\n<p>Dag nummer tv\u00e5 i Nolbyskruven men inte i samma grandiosa v\u00e4der som ig\u00e5r. Dock sken solen och det var riktigt varmt stundtals :) N\u00e5gon plusgrad framp\u00e5 dagen men kall och bra sn\u00f6. Jag var portdomarchef \u00e5terigen och det extra ansvaret gjorde att jag inte fick lika stort utrymme f\u00f6r fotofrossa f\u00f6re och efter \u00e5ken, men det var riktigt skoj och vi sk\u00f6tte oss v\u00e4l. Den enda protesten mot dagens diskningar lades ner efter videogranskning vilket var sk\u00f6nt f\u00f6r alla parter att det var klara papper! Grymt bra \u00e5kning av m\u00e5nga grymma \u00e5kare. H\u00e5ll till godo ;)<\/p>\nngg_shortcode_1_placeholder\n<h3>Nolbyskruven GS 12 mars 2011<\/h3>\n<p>Nolbyskruven i j\u00e4ttefint v\u00e4der. N\u00e5gra minusgrader och klarbl\u00e5 himmel. Som en v\u00e5rdag ska vara. Inte optimala f\u00f6rh\u00e5llanden f\u00f6r foto dock eftersom det blir f\u00f6r h\u00e5rda kontraster med f\u00f6r m\u00f6rka skuggor. Bl\u00e5 himmel och vit sn\u00f6 v\u00e4ger dock upp en del :) Det var \u00f6verlag bra sn\u00f6 och fina f\u00f6rh\u00e5llanden. Jag var portdomarchef och beh\u00f6vde bara diska tv\u00e5 \u00e5kare, vilket tyder p\u00e5 bra \u00e5kare och bra f\u00f6rh\u00e5llanden!<\/p>\nngg_shortcode_2_placeholder\n<h3>Killingslalom 5-6 mars 2011<\/h3>\n<p>Sv\u00e5r backe med mycket is i slalombanan p\u00e5 l\u00f6rdagen blev en helt ompreparerad backe till s\u00f6ndagens storslalom. Sp\u00e4nnande f\u00f6rh\u00e5llanden och v\u00e4dret \u00e4ndrade sig fr\u00e5n gr\u00e5mulet till soligt. Emilia pallplatsade och Vican n\u00e4rmade sig upp-levling och \u00e5kte v\u00e4ldigt bra! Jag har inte hunnit med bilderna fr\u00e5n Killingen, men de kommer&#8230;<\/p>\n<p><span style=\"font-size: 15px; font-weight: bold;\">USM-kval Storslalom 26 februari 2011<\/span><\/p>\n<p>Vilken fantastisk t\u00e4vling. Regionen hade kval till Ungdoms-SM i Storslalom och n\u00e5gra av Sveriges b\u00e4sta ungdomar var med och t\u00e4vlade. Mycket h\u00f6g klass p\u00e5 b\u00e5de arrangemang och idrottsliga prestationer! Tjejerna var i flera fall snabbare \u00e4n killarna vilket tyder p\u00e5 h\u00f6g klass i \u00e5karleden :) Det var soligt och ljust, begynnande v\u00e5rv\u00e4der vilket gl\u00e4djer en idrottsfotograf. Bilderna blev ruggigt bra, och det beror dels p\u00e5 v\u00e4dret och dels p\u00e5 \u00e5karna som i m\u00e5nga fall gav allt de hade och lite till. Och det syns p\u00e5 bilderna, i kroppsspr\u00e5ket och \u00f6gonen. Coolt!<\/p>\nngg_shortcode_3_placeholder\n<h3>Lilla V\u00e4rldscupen GS 6 februari 2011<\/h3>\n<p>Lilla V\u00e4rldscupen hade kvalt\u00e4vling nummer tv\u00e5 i Getbergets slalombacke den 6 februari 2011. Bra v\u00e4der med solsken och kallt. H\u00e5rd sn\u00f6 som h\u00f6ll bra genom hela t\u00e4vlingen gav fina och r\u00e4ttvisa f\u00f6rh\u00e5llanden. Emilia och Astrid lyckades fantastiskt bra i D-gruppen och knep de \u00f6versta tv\u00e5 pallplatserna :) Vican kvalificerade sig genom dagens t\u00e4vling nr 3 och 4 till finalen i Duved i slutet av mars.<\/p>\n<p>Jag \u00e4r inte alls n\u00f6jd med bilderna. Jag hade strul med kameran och fick inte till n\u00e5gon l\u00e4mplig slutartid och hade sv\u00e5rt att r\u00f6rlig m\u00e5lf\u00f6ljande autofokus. En del av bilderna har d\u00e4rf\u00f6r en del r\u00f6relseosk\u00e4rpa och jag \u00e4r missn\u00f6jd med vitbalansen med. Men n\u00e4sta g\u00e5ng blir det b\u00e4ttre!<\/p>\nngg_shortcode_4_placeholder\n<h3>Lilla V\u00e4rldscupen SL 23 januari 2011<\/h3>\n<p>Lilla V\u00e4rldscupen hade sin f\u00f6rsta kvalt\u00e4vling i Nolbybacken en solig s\u00f6ndag den 23 januari 2011. Helt perfekta f\u00f6rh\u00e5llanden med n\u00e5gon minusgrad, soligt v\u00e4der och v\u00e4ldigt lite vind. Sn\u00f6n var h\u00e5rd och opistad och banpatrullen hade det f\u00f6rh\u00e5llandevis l\u00e4tt. Annat var det f\u00f6r oss portdomare som fick det svettigt om pannan med utmanande banor som ledde till flertalet gr\u00e4nslingar och rena ur\u00e5kningar och fall.<\/p>\nngg_shortcode_5_placeholder\n<h3>Nolbyr\u00e4nnan 8 januari 2011<\/h3>\n<p>H\u00e4r \u00e4r bilder fr\u00e5n den f\u00f6rsta t\u00e4vlingen f\u00f6r s\u00e4songen 2011 &#8211; Nolbyr\u00e4nnan. Kallt v\u00e4der och m\u00f6rkt i b\u00f6rjan av januari. Det \u00e4r nu som entusiasterna och de alpina \u00e4lskarna trivs ute i backarna. F\u00f6r fotograferna \u00e4r det dock lite otrevliga f\u00f6rh\u00e5llanden med sn\u00f6fall, kyla och d\u00e5ligt ljus. N\u00e5ja, bilder blev det i varje fall, och du f\u00e5r bed\u00f6ma deras kvalitet ;)<\/p>\n<p>ngg_shortcode_6_placeholder<br \/>\n<strong>2010<\/strong>. Jag har haft med kameran p\u00e5 flera slalomevenemang under vintern. Det \u00e4r helt andra situationer \u00e4n jag \u00e4r van med, farten, v\u00e4dret och m\u00f6rkret :) Men det \u00e4r j\u00e4tteskoj att f\u00f6rs\u00f6ka hitta bra och intressanta bilder. Jag hade hoppats att\u00a0ju\u00a0ljusare det blir fram\u00e5t v\u00e5ren desto b\u00e4ttre bilder skulle jag kunna f\u00e5 med sol och skuggor och en massa underbara kontraster, men v\u00e5ren har mest varit dimmig och sn\u00f6ig&#8230;<\/p>\n<h3>Avslutning f\u00f6r alla tr\u00e4ningsgrupper<\/h3>\n<p>Vi hade avslutning l\u00f6rdag 4 april, \u00e4ven om tr\u00e4ningen kommer att forts\u00e4tta hela april. Det var lite slaskigt i backen men med lite salt s\u00e5 blev det gensat b\u00e4ttre. Vi fick se speedski-tjejerna visa upp sina talanger och innan hamburgare och v\u00e5fflor s\u00e5 testades v\u00e5ra f\u00f6rm\u00e5gor i parallell-slalom-banan. Jag, hrm, k\u00f6rde ur i sista porten d\u00e5 jag trodde att m\u00e5lk\u00e4pparna var\u00a0vanliga k\u00e4ppar att k\u00f6ra runt :) Men eftersom Mia genom den missen fick vinsten s\u00e5 var ju st\u00e4mningen h\u00f6g i familjen \u00e4nd\u00e5 ;)<br \/>ngg_shortcode_7_placeholder\n<h3>Nolbyskruven 22 mars 2009<\/h3>\n<p>S\u00f6ndagen den 22 mars k\u00f6rdes Nolbyskruven, den sista ungdomst\u00e4vlingen i Nolbybacken. Det var stor uppslutning och v\u00e4ldigt m\u00e5nga duktiga slalomungdomar. Backen var grymt bra preparerad och h\u00f6ll i ett v\u00e4ldigt bra skick hela dagen. Det var h\u00e5rt och det beh\u00f6vdes b\u00e5de benmuskler och v\u00e4lslipade kanter, men det var lika f\u00f6rh\u00e5llanden f\u00f6r alla t\u00e4vlande. F\u00e5 ur\u00e5kningar \u00e4r ocks\u00e5 ett tecken p\u00e5 bra f\u00f6rh\u00e5llanden. Det kom ju lite sol under dagen ocks\u00e5, s\u00e5 jag som inte fick vara portdomare kunde h\u00e4rja fritt med kameran under hela t\u00e4vlingen. Jag lyckades med n\u00e5got jag t\u00e4nkt p\u00e5 hela s\u00e4songen, n\u00e4mligen att f\u00e5nga ALLA \u00e5kare p\u00e5 bild :) Fasligt mycket bilder blir det, och n\u00e5gra stycken blev dessutom sm\u00e5suddiga, men alla \u00e4r med!<br \/>\nNjut av de grymt duktiga \u00e5karna, fr\u00e5n klass 8-9 (men med fantastiskt duktiga 7-\u00e5riga deltagare) till de elitsatsande 14-15-\u00e5ringarna som imponerade :D<br \/>ngg_shortcode_8_placeholder\n<h3>Lilla V\u00e4rldscupen C Storslalom 2009<\/h3>\n<p>Under helgen 7-8 mars avgjordes i Hasselas v\u00e4lpreparerade backar Lilla V\u00e4rldscupen f\u00f6r C-\u00e5kare (10-11 \u00e5r). L\u00f6rdagen gick \u00e5t till storslalom, och deltog gjorde n\u00e4stan 200 ungdomar fr\u00e5n distrikten Medelpad, H\u00e4lsingland, \u00c5ngermanland och J\u00e4mtland\/H\u00e4rjedalen! Imponerande m\u00e4ngd ungdomar och deras ledare och f\u00f6r\u00e4ldrar och ett bra arrangemang d\u00e4r det mesta (som jag s\u00e5g) fungerade j\u00e4ttesmidigt! Bilderna \u00e4r ett urval av Nolbys \u00e5kare som gjorde bra ifr\u00e5n sig under storslalomen! Medelpad vann dessutom som b\u00e4sta distrikt :D<br \/>ngg_shortcode_9_placeholder\n<h3>Lilla V\u00e4rldscupen C Slalom 2009<\/h3>\n<p>P\u00e5 s\u00f6ndagen var det dags f\u00f6r slalom. Det var s\u00e4mre v\u00e4der och det drog in ett sn\u00f6ov\u00e4der lagom till start vilket gjorde f\u00f6rh\u00e5llandena lite sv\u00e5rare, fr\u00e4mst sikt och allm\u00e4nt k\u00e4nslotillst\u00e5nd :) Det gick dock v\u00e4ldigt bra och Medelpad var \u00e5terigen b\u00e4sta distrikt! Hurra :)<br \/>ngg_shortcode_10_placeholder\n<h3>Distriktsm\u00e4sterskap Storslalom 2009<\/h3>\n<p>Jag har inte lyckats riktigt \u00e4n, det \u00e4r f\u00f6r m\u00f6rkt och f\u00f6r suddigt. Jag har k\u00f6rt p\u00e5 f\u00f6r h\u00f6ga ISO (l\u00e4s: ISO800) med min EOS350D f\u00f6r att f\u00e5 bra kvalitet, men jag skiter i det och v\u00e4ntar in v\u00e5ren och ljuset medan jag tr\u00e4nar mig ;) Galleriet inneh\u00e5ller h\u00e4r bilder fr\u00e5n distriktsm\u00e4sterskapen i storslalom f\u00f6r ungdomar 8-13 \u00e5r, som gick av stapeln i Nolbybacken 25 januari 2009. Om du vill ladda ner en bild, h\u00f6gerklicka och v\u00e4lj &#8221;<em>Spara bild som&#8230;<\/em>&#8221; s\u00e5 f\u00e5r du orginalbilden i full uppl\u00f6sning :D Bra va! Om jag hittar ett bra s\u00e4tt att snabbredigera bilderna efter mina photo-shoots s\u00e5 kanske det kommer upp fler bilder h\u00e4r&#8230; Om du ser n\u00e5t du gillar eller inte, ge g\u00e4rna en kommentar s\u00e5 blir jag glad :)<br \/>ngg_shortcode_11_placeholder\n","protected":false},"excerpt":{"rendered":"<p>2011. Nytt \u00e5r och nya tag med slalom och vinterbilder. Jag har redan publicerat bilder fr\u00e5n\u00a0Juvass och K\u00e5bdalis men inte h\u00e4r utan i separata inl\u00e4gg. N\u00e4r jag f\u00e5r tid ska jag integrera dem h\u00e4r p\u00e5 sidan s\u00e5 att slalomen p\u00e5 Nolby Alpina h\u00e4nger ihop. Jag har dock publicerat bilder p\u00e5 Nolby Alpinas Facebook-grupp ocks\u00e5, s\u00e5&hellip;<\/p>\n","protected":false},"author":2,"featured_media":0,"parent":0,"menu_order":0,"comment_status":"open","ping_status":"open","template":"document-page.php","meta":{"ngg_post_thumbnail":0,"footnotes":""},"class_list":["post-598","page","type-page","status-publish","hentry"],"aioseo_notices":[],"_links":{"self":[{"href":"https:\/\/www.petera.se\/blog\/wp-json\/wp\/v2\/pages\/598","targetHints":{"allow":["GET"]}}],"collection":[{"href":"https:\/\/www.petera.se\/blog\/wp-json\/wp\/v2\/pages"}],"about":[{"href":"https:\/\/www.petera.se\/blog\/wp-json\/wp\/v2\/types\/page"}],"author":[{"embeddable":true,"href":"https:\/\/www.petera.se\/blog\/wp-json\/wp\/v2\/users\/2"}],"replies":[{"embeddable":true,"href":"https:\/\/www.petera.se\/blog\/wp-json\/wp\/v2\/comments?post=598"}],"version-history":[{"count":19,"href":"https:\/\/www.petera.se\/blog\/wp-json\/wp\/v2\/pages\/598\/revisions"}],"predecessor-version":[{"id":672,"href":"https:\/\/www.petera.se\/blog\/wp-json\/wp\/v2\/pages\/598\/revisions\/672"}],"wp:attachment":[{"href":"https:\/\/www.petera.se\/blog\/wp-json\/wp\/v2\/media?parent=598"}],"curies":[{"name":"wp","href":"https:\/\/api.w.org\/{rel}","templated":true}]}}